{"id":911,"date":"2024-08-20T08:12:16","date_gmt":"2024-08-20T07:12:16","guid":{"rendered":"https:\/\/asesoriapellicer.es\/contacte\/"},"modified":"2024-09-17T08:14:46","modified_gmt":"2024-09-17T07:14:46","slug":"contacte","status":"publish","type":"page","link":"https:\/\/asesoriapellicer.es\/ca\/contacte\/","title":{"rendered":"Contacte"},"content":{"rendered":"<div class=\"wpb-content-wrapper\"><p>[vc_row][vc_column][vc_custom_heading text=&#8221;Assessoria Pellicer, contacte&#8221; font_container=&#8221;tag:h1|text_align:left&#8221; use_theme_fonts=&#8221;yes&#8221; css=&#8221;&#8221; el_class=&#8221;d-none&#8221;]<div class=\"porto-block\" data-id=\"932\"><style>.wpb_custom_683d7e68080059f1fb03f7280196f2d3 .owl-item:not(.active){opacity: 0.5}.wpb_custom_683d7e68080059f1fb03f7280196f2d3{--porto-el-spacing: 0px;}.wpb_custom_683d7e68080059f1fb03f7280196f2d3 .owl-stage{display: flex;align-items: \/;flex-wrap: wrap;}.wpb_custom_683d7e68080059f1fb03f7280196f2d3 .owl-nav:not(.disabled){display: block !important;}.wpb_custom_2322e14744760174ff703d2dfa287988.porto-u-heading .porto-u-main-heading > *{font-size:80px;}.wpb_custom_2322e14744760174ff703d2dfa287988 .porto-u-sub-heading{font-size:80px;}.wpb_custom_2322e14744760174ff703d2dfa287988.porto-u-heading .porto-u-main-heading > *{font-family:Lobster;font-weight:500;letter-spacing:1px;line-height:0.9em;text-transform:none;}.wpb_custom_2322e14744760174ff703d2dfa287988 .porto-u-sub-heading{font-family:Lobster;font-weight:500;line-height:1.5em;}<\/style>[vc_section full_width=\"stretch_row\" bottom_divider_type=\"slant\" bottom_divider_flip=\"true\" bottom_divider_invert=\"true\" bottom_divider_color=\"var(--porto-light-color)\" conditional_render=\"%5B%7B%22value_role%22%3A%22administrator%22%7D%5D\"][vc_row full_width_css=\"stretch_row_content_css\" full_width=\"stretch_row_content\" no_padding=\"yes\" el_class=\"mlh_slider overflow-hidden intro-section\" conditional_render=\"%5B%7B%22value_role%22%3A%22administrator%22%7D%5D\" el_id=\"slider-equip\"][vc_column][vc_row_inner el_class=\"intro-banner\"][vc_column_inner el_class=\"h-100\"]<div class=\"porto-carousel owl-carousel has-ccols ccols-xl-1 ccols-lg-1 ccols-md-1 ccols-sm-1 ccols-1 custom-nav-style mb-0 h-100 wpb_custom_683d7e68080059f1fb03f7280196f2d3 nav-bottom\" data-plugin-options=\"{&quot;themeConfig&quot;:true,&quot;stagePadding&quot;:0,&quot;margin&quot;:0,&quot;autoplay&quot;:&quot;yes&quot;,&quot;mouseDrag&quot;:false,&quot;touchDrag&quot;:false,&quot;autoplayTimeout&quot;:6000,&quot;autoplayHoverPause&quot;:false,&quot;items&quot;:1,&quot;xl&quot;:1,&quot;lg&quot;:1,&quot;md&quot;:1,&quot;sm&quot;:1,&quot;xs&quot;:1,&quot;nav&quot;:&quot;yes&quot;,&quot;dots&quot;:false,&quot;animateIn&quot;:&quot;fadeIn&quot;,&quot;animateOut&quot;:&quot;fadeOut&quot;,&quot;loop&quot;:false,&quot;center&quot;:false,&quot;video&quot;:false,&quot;lazyLoad&quot;:false,&quot;fullscreen&quot;:false}\"><div class=\"porto-ibanner interactive-banner-wrap-07dd21040fa50768c9d370ae74e47015 mb-0 slide-1 mlh_slider_opacity mlh_slidercontacto_opacity\" style=\"background:#f2f2f2;\"><div class=\"banner-effect-wrapper\"><div class=\"banner-effect kenBurnsToRight\" style=\"background-image: url(https:\/\/asesoriapellicer.es\/wp-content\/uploads\/2024\/08\/contacta_pellicer.jpg); background-size: cover;background-position: center;animation-duration: 20s;\"><\/div><\/div><img loading=\"lazy\" decoding=\"async\" alt=\"Asesoriapellicer S.L.\" width=\"1920\" height=\"1279\" class=\"porto-ibanner-img invisible\" src=\"https:\/\/asesoriapellicer.es\/wp-content\/uploads\/2024\/08\/contacta_pellicer.jpg\" srcset=\"https:\/\/asesoriapellicer.es\/wp-content\/uploads\/2024\/08\/contacta_pellicer.jpg 1920w, https:\/\/asesoriapellicer.es\/wp-content\/uploads\/2024\/08\/contacta_pellicer-1024x682.jpg 1024w, https:\/\/asesoriapellicer.es\/wp-content\/uploads\/2024\/08\/contacta_pellicer-768x512.jpg 768w, https:\/\/asesoriapellicer.es\/wp-content\/uploads\/2024\/08\/contacta_pellicer-1536x1023.jpg 1536w, https:\/\/asesoriapellicer.es\/wp-content\/uploads\/2024\/08\/contacta_pellicer-640x426.jpg 640w, https:\/\/asesoriapellicer.es\/wp-content\/uploads\/2024\/08\/contacta_pellicer-400x266.jpg 400w\" sizes=\"auto, (max-width: 1920px) 100vw, 1920px\"><div class=\"porto-ibanner-desc no-padding d-flex\"><div class=\"container\"><div class=\"porto-ibanner-container\"><div class=\"porto-ibanner-layer mlh_slider_contacto wpb_custom_2c5109c031829f9c54153ed0e6239ff6 banner-pos-f6356757d4f73384a3f5bc65723ae83a\" style=\"width:40%;\"><div class=\"porto-u-heading  wpb_custom_2322e14744760174ff703d2dfa287988 porto-u-55ca8359258f9a412be7e73af65d2aac \" data-appear-animation=\"fadeInUp\" data-appear-animation-delay=\"400\"><div class=\"porto-u-main-heading\"><h2   style=\"color:var(--porto-light-color);margin-bottom: 16px;\">Contacta amb el nostre equip<\/h2><\/div><style>.porto-u-55ca8359258f9a412be7e73af65d2aac.porto-u-heading{text-align:center}<\/style><\/div>[vc_empty_space height=\"20px\"][vc_btn title=\"Enviar un missatge\" shape=\"round\" color=\"orange\" align=\"center\" css=\"\" btn_fs=\"16px\" btn_fw=\"500\" btn_ls=\"3px\" el_class=\"mlh_boton_contacto\" link=\"url:https%3A%2F%2Fasesoriapellicer.es%2Fca%2Fcontacte%2F%23formulari|title:Contacte\"]<style>.banner-pos-f6356757d4f73384a3f5bc65723ae83a {left: 50%;right: unset;top: 50%;bottom: unset;transform: translate(-50%, -50%);}<\/style><\/div><\/div><\/div><\/div><\/div><\/div>[\/vc_column_inner][\/vc_row_inner][\/vc_column][\/vc_row][\/vc_section]<\/div>[\/vc_column][\/vc_row][vc_section full_width=&#8221;stretch_row&#8221; bottom_divider_type=&#8221;slant&#8221; bottom_divider_invert=&#8221;true&#8221; css=&#8221;.vc_custom_1724929818836{margin-top: 50px !important;margin-bottom: 50px !important;}&#8221; conditional_render=&#8221;%5B%7B%22value_role%22%3A%22administrator%22%7D%5D&#8221; bottom_divider_color=&#8221;var(&#8211;porto-light-color)&#8221; el_id=&#8221;mapa&#8221;][vc_row gap=&#8221;35&#8243; conditional_render=&#8221;%5B%7B%22value_role%22%3A%22administrator%22%7D%5D&#8221; css=&#8221;.vc_custom_1724157906333{padding-top: 50px !important;padding-bottom: 50px !important;}&#8221;][vc_column width=&#8221;1\/2&#8243; css=&#8221;.vc_custom_1724158173099{padding-right: 40px !important;}&#8221; conditional_render=&#8221;%5B%7B%22value_role%22%3A%22administrator%22%7D%5D&#8221;][vc_custom_heading text=&#8221;LA NOSTRA DIRECCI\u00f3 \u00c9S:&#8221; font_container=&#8221;tag:h2|font_size:20px|text_align:left|color:var(&#8211;porto-secondary-color)|line_height:1.5em&#8221; use_theme_fonts=&#8221;yes&#8221; css=&#8221;&#8221; font_family=&#8221;Lora&#8221; text_transform=&#8221;text-uppercase&#8221; font_weight=&#8221;700&#8243; letter_spacing=&#8221;3px&#8221;][vc_column_text css=&#8221;.vc_custom_1724158252494{margin-bottom: 35px !important;}&#8221; text_color=&#8221;#333333&#8243; text_typography=&#8221;{&#8220;family&#8220;:&#8220;Lobster&#8220;,&#8220;variant&#8220;:&#8220;500&#8220;,&#8220;font_size&#8220;:&#8220;41px&#8220;,&#8220;line_height&#8220;:&#8220;1.5em&#8220;,&#8220;letter_spacing&#8220;:&#8220;1px&#8220;,&#8220;text_transform&#8220;:&#8220;&#8220;}&#8221;]<\/p>\n<h3>Rambla de Sant Sebasti\u00e0 96, baixos, Santa Coloma de Gramenet.<\/h3>\n<p>[\/vc_column_text][vc_gmaps link=&#8221;#E-8_JTNDaWZyYW1lJTIwc3JjJTNEJTIyaHR0cHMlM0ElMkYlMkZ3d3cuZ29vZ2xlLmNvbSUyRm1hcHMlMkZlbWJlZCUzRnBiJTNEJTIxMW0xOCUyMTFtMTIlMjExbTMlMjExZDM1NTYuMjg5NzYxNDI2NTc2NyUyMTJkMi4yMTQ3NjU1OTI5ODIwNjMlMjEzZDQxLjQ1MDY5MTk5NDY1MDY0JTIxMm0zJTIxMWYwJTIxMmYwJTIxM2YwJTIxM20yJTIxMWkxMDI0JTIxMmk3NjglMjE0ZjEzLjElMjEzbTMlMjExbTIlMjExczB4MTJhNGJjODUzYjkzMDA4MSUyNTNBMHgyN2VlNDBkNDlhYjllMDNlJTIxMnNBc2Vzb3IlMjVDMyUyNUFEYSUyNTIwUGVsbGljZXIlMjE1ZTAlMjEzbTIlMjExc2VzJTIxMnNlcyUyMTR2MTcyNjU1NzEzMTc1NSUyMTVtMiUyMTFzZXMlMjEyc2VzJTIyJTIwd2lkdGglM0QlMjI2MDAlMjIlMjBoZWlnaHQlM0QlMjI0NTAlMjIlMjBzdHlsZSUzRCUyMmJvcmRlciUzQTAlM0IlMjIlMjBhbGxvd2Z1bGxzY3JlZW4lM0QlMjIlMjIlMjBsb2FkaW5nJTNEJTIybGF6eSUyMiUyMHJlZmVycmVycG9saWN5JTNEJTIybm8tcmVmZXJyZXItd2hlbi1kb3duZ3JhZGUlMjIlM0UlM0MlMkZpZnJhbWUlM0U=&#8221; css=&#8221;&#8221;][\/vc_column][vc_column width=&#8221;1\/2&#8243;][vc_custom_heading text=&#8221;Formes de contacte&#8221; font_container=&#8221;tag:h2|font_size:20px|text_align:left|color:var(&#8211;porto-secondary-color)|line_height:1.5em&#8221; use_theme_fonts=&#8221;yes&#8221; css=&#8221;&#8221; font_family=&#8221;Lora&#8221; text_transform=&#8221;text-uppercase&#8221; font_weight=&#8221;700&#8243; letter_spacing=&#8221;3px&#8221;]<style>.togglese0603150097a879ca71db14056f7fa60 .toggle label { border-left-color: #666666; border-right-color: #666666; color: #666666 }.togglese0603150097a879ca71db14056f7fa60 .toggle.active > label { background-color: #666666; border-color: #666666; color: #ffffff }.togglese0603150097a879ca71db14056f7fa60 .toggle > label:after { background-color: #666666 }<\/style><div class=\"porto-toggles wpb_content_element  togglese0603150097a879ca71db14056f7fa60\" data-view=\"one-toggle\">[vc_toggle title=&#8221;PER A TEMES GENERALS&#8221; open=&#8221;true&#8221; custom_font_container=&#8221;tag:h2|font_size:16px|text_align:left|color:var(&#8211;porto-primary-color)|line_height:1.5em&#8221; custom_use_theme_fonts=&#8221;yes&#8221; css=&#8221;&#8221; use_custom_heading=&#8221;true&#8221;]Tel\u00e8fons: 933 922 851 i 606 598 939<\/p>\n<p>Fax : 933 928 549<\/p>\n<p>E-mail: <a href=\"mailto:correo@asesoriapellicer.es\">correo@asesoriapellicer.es<\/a>[\/vc_toggle][vc_toggle title=&#8221;Fiscal i mercantil&#8221; custom_font_container=&#8221;tag:h2|font_size:16px|text_align:left|color:var(&#8211;porto-primary-color)|line_height:1.5em&#8221; custom_use_theme_fonts=&#8221;yes&#8221; css=&#8221;&#8221; use_custom_heading=&#8221;true&#8221;]<a href=\"mailto:carolina@asesoriapellicer.es\">carolina@asesoriapellicer.es<\/a>[\/vc_toggle][vc_toggle title=&#8221;Comptable&#8221; custom_font_container=&#8221;tag:h2|font_size:16px|text_align:left|color:var(&#8211;porto-primary-color)|line_height:1.5em&#8221; custom_use_theme_fonts=&#8221;yes&#8221; css=&#8221;&#8221; use_custom_heading=&#8221;true&#8221;]<a href=\"mailto:estefania@asesoriapellicer.es\">estefania@asesoriapellicer.es<\/a>[\/vc_toggle][vc_toggle title=&#8221;Laboral i Jur\u00eddic&#8221; custom_font_container=&#8221;tag:h2|font_size:16px|text_align:left|color:var(&#8211;porto-primary-color)|line_height:1.5em&#8221; custom_use_theme_fonts=&#8221;yes&#8221; css=&#8221;&#8221; use_custom_heading=&#8221;true&#8221;]<a href=\"mailto:Alfredo@asesoriapellicer.es\">alfredo@asesoriapellicer.es<\/a>[\/vc_toggle][vc_toggle title=&#8221;Vehicles i administraci\u00f3 finques&#8221; custom_font_container=&#8221;tag:h2|font_size:16px|text_align:left|color:var(&#8211;porto-primary-color)|line_height:1.5em&#8221; custom_use_theme_fonts=&#8221;yes&#8221; css=&#8221;&#8221; use_custom_heading=&#8221;true&#8221;]<a href=\"mailto:rosa@asesoriapellicer.es\">rosa@asesoriapellicer.es<\/a>[\/vc_toggle]<\/div>[\/vc_column][\/vc_row][vc_row full_width_css=&#8221;stretch_row_content_css&#8221; full_width=&#8221;stretch_row&#8221; css=&#8221;.vc_custom_1724741006043{margin-bottom: 1px !important;padding-top: 120px !important;padding-bottom: 120px !important;background-color: #232220 !important;}&#8221; conditional_render=&#8221;%5B%7B%22value_role%22%3A%22administrator%22%7D%5D&#8221; el_id=&#8221;formulari&#8221; el_class=&#8221;mlh_titulos_formulario&#8221;][vc_column css=&#8221;.vc_custom_1724225511777{padding-top: 80px !important;padding-right: 40px !important;padding-bottom: 80px !important;padding-left: 40px !important;background-color: #ccae62 !important;border-radius: 10px !important;}&#8221; conditional_render=&#8221;%5B%7B%22value_role%22%3A%22administrator%22%7D%5D&#8221;][vc_custom_heading text=&#8221;Correu electr\u00f2nic&#8221; font_container=&#8221;tag:h2|font_size:20px|text_align:center|color:var(&#8211;porto-light-color)|line_height:1.5em&#8221; use_theme_fonts=&#8221;yes&#8221; css=&#8221;.vc_custom_1724741095355{margin-top: 0px !important;margin-bottom: 0px !important;padding-bottom: 10px !important;}&#8221; font_family=&#8221;Actor&#8221; text_transform=&#8221;text-uppercase&#8221; font_weight=&#8221;700&#8243; letter_spacing=&#8221;3px&#8221; el_class=&#8221;mlh_titulo_contacto&#8221;][vc_custom_heading text=&#8221;Envia&#8217;ns un missatge&#8221; font_container=&#8221;tag:h3|font_size:50px|text_align:center|color:var(&#8211;porto-light-color)|line_height:1.5em&#8221; use_theme_fonts=&#8221;yes&#8221; css=&#8221;.vc_custom_1724740992946{margin-top: 0px !important;margin-bottom: 20px !important;padding-bottom: 10px !important;}&#8221; font_family=&#8221;Lobster&#8221; font_weight=&#8221;700&#8243; letter_spacing=&#8221;1px&#8221;]\n<div class=\"wpcf7 no-js\" id=\"wpcf7-f935-o1\" lang=\"ca\" dir=\"ltr\" data-wpcf7-id=\"935\">\n<div class=\"screen-reader-response\"><p role=\"status\" aria-live=\"polite\" aria-atomic=\"true\"><\/p> <ul><\/ul><\/div>\n<form action=\"\/ca\/wp-json\/wp\/v2\/pages\/911#wpcf7-f935-o1\" method=\"post\" class=\"wpcf7-form init\" aria-label=\"Formulari de contacte\" novalidate=\"novalidate\" data-status=\"init\">\n<fieldset class=\"hidden-fields-container\"><input type=\"hidden\" name=\"_wpcf7\" value=\"935\" \/><input type=\"hidden\" name=\"_wpcf7_version\" value=\"6.1.4\" \/><input type=\"hidden\" name=\"_wpcf7_locale\" value=\"ca\" \/><input type=\"hidden\" name=\"_wpcf7_unit_tag\" value=\"wpcf7-f935-o1\" \/><input type=\"hidden\" name=\"_wpcf7_container_post\" value=\"0\" \/><input type=\"hidden\" name=\"_wpcf7_posted_data_hash\" value=\"\" \/><input type=\"hidden\" name=\"_wpcf7_recaptcha_response\" value=\"\" \/>\n<\/fieldset>\n<div class=\"left\"><span class=\"wpcf7-form-control-wrap\" data-name=\"your-name\"><input size=\"40\" maxlength=\"400\" class=\"wpcf7-form-control wpcf7-text wpcf7-validates-as-required\" aria-required=\"true\" aria-invalid=\"false\" placeholder=\"Nom *\" value=\"\" type=\"text\" name=\"your-name\" \/><\/span><\/div>\n\n<div class=\"right\"><span class=\"wpcf7-form-control-wrap\" data-name=\"your-surname\"><input size=\"40\" maxlength=\"400\" class=\"wpcf7-form-control wpcf7-text\" aria-invalid=\"false\" placeholder=\"Cognoms\" value=\"\" type=\"text\" name=\"your-surname\" \/><\/span><\/div>\n\n<span class=\"wpcf7-form-control-wrap\" data-name=\"your-email\"><input size=\"40\" maxlength=\"400\" class=\"wpcf7-form-control wpcf7-email wpcf7-validates-as-required wpcf7-text wpcf7-validates-as-email\" aria-required=\"true\" aria-invalid=\"false\" placeholder=\"Correu electr\u00f2nic *\" value=\"\" type=\"email\" name=\"your-email\" \/><\/span>\n\n<span class=\"wpcf7-form-control-wrap\" data-name=\"your-message\"><textarea cols=\"40\" rows=\"10\" maxlength=\"2000\" class=\"wpcf7-form-control wpcf7-textarea wpcf7-validates-as-required\" aria-required=\"true\" aria-invalid=\"false\" placeholder=\"Missatge *\" name=\"your-message\"><\/textarea><\/span>\n\n<div class=\"MLH_Form\"><p>Pol\u00edtica de Privacitat<\/p><strong>Protecci\u00f3 de dades personals.<\/strong> Utilitzarem les vostres dades per respondre consultes i realitzar an\u00e0lisis estad\u00edstiques. Per a m\u00e9s informaci\u00f3 sobre el tractament i els seus drets, consulteu la <a href=\"https:\/\/asesoriapellicer.es\/politica-de-privacidad-y-aviso-legal\/\" rel=\"nofollow\" target=\"_blank\">Pol\u00edtica de Privacitat<\/a>. <\/div>\n\n<input class=\"wpcf7-form-control wpcf7-submit has-spinner\" type=\"submit\" value=\"Enviar\" \/><div class=\"wpcf7-response-output\" aria-hidden=\"true\"><\/div>\n<\/form>\n<\/div>\n[\/vc_column][\/vc_row][\/vc_section][vc_row css=&#8221;.vc_custom_1724926671772{margin-right: 50px !important;margin-left: 50px !important;}&#8221; conditional_render=&#8221;%5B%7B%22value_role%22%3A%22administrator%22%7D%5D&#8221;][vc_column][vc_custom_heading text=&#8221;Coneix el nostre equip!&#8221; font_container=&#8221;tag:h3|font_size:40px|text_align:center|color:var(&#8211;porto-light-color)|line_height:1.5em&#8221; use_theme_fonts=&#8221;yes&#8221; css=&#8221;.vc_custom_1724925845908{margin-top: 0px !important;margin-bottom: 0px !important;}&#8221; font_family=&#8221;Lobster&#8221; font_weight=&#8221;600&#8243; letter_spacing=&#8221;1px&#8221; link=&#8221;url:https%3A%2F%2Fasesoriapellicer.es%2Fca%2Fequip%2F|title:Equip|&#8221; el_class=&#8221;mlh_cta_equipo&#8221;][\/vc_column][\/vc_row]<\/p>\n<\/div>","protected":false},"excerpt":{"rendered":"<p>[vc_row][vc_column][vc_custom_heading text=&#8221;Assessoria Pellicer, contacte&#8221; font_container=&#8221;tag:h1|text_align:left&#8221; use_theme_fonts=&#8221;yes&#8221; css=&#8221;&#8221; el_class=&#8221;d-none&#8221;][\/vc_column][\/vc_row][vc_section full_width=&#8221;stretch_row&#8221; bottom_divider_type=&#8221;slant&#8221; bottom_divider_invert=&#8221;true&#8221; css=&#8221;.vc_custom_1724929818836{margin-top: 50px !important;margin-bottom: 50px !important;}&#8221; conditional_render=&#8221;%5B%7B%22value_role%22%3A%22administrator%22%7D%5D&#8221; bottom_divider_color=&#8221;var(&#8211;porto-light-color)&#8221; el_id=&#8221;mapa&#8221;][vc_row gap=&#8221;35&#8243; conditional_render=&#8221;%5B%7B%22value_role%22%3A%22administrator%22%7D%5D&#8221; css=&#8221;.vc_custom_1724157906333{padding-top: 50px !important;padding-bottom: 50px !important;}&#8221;][vc_column width=&#8221;1\/2&#8243; css=&#8221;.vc_custom_1724158173099{padding-right: 40px !important;}&#8221; conditional_render=&#8221;%5B%7B%22value_role%22%3A%22administrator%22%7D%5D&#8221;][vc_custom_heading text=&#8221;LA NOSTRA DIRECCI\u00f3 \u00c9S:&#8221; font_container=&#8221;tag:h2|font_size:20px|text_align:left|color:var(&#8211;porto-secondary-color)|line_height:1.5em&#8221; use_theme_fonts=&#8221;yes&#8221; css=&#8221;&#8221; font_family=&#8221;Lora&#8221; text_transform=&#8221;text-uppercase&#8221; font_weight=&#8221;700&#8243; letter_spacing=&#8221;3px&#8221;][vc_column_text css=&#8221;.vc_custom_1724158252494{margin-bottom: 35px !important;}&#8221; text_color=&#8221;#333333&#8243; text_typography=&#8221;{&#8220;family&#8220;:&#8220;Lobster&#8220;,&#8220;variant&#8220;:&#8220;500&#8220;,&#8220;font_size&#8220;:&#8220;41px&#8220;,&#8220;line_height&#8220;:&#8220;1.5em&#8220;,&#8220;letter_spacing&#8220;:&#8220;1px&#8220;,&#8220;text_transform&#8220;:&#8220;&#8220;}&#8221;] Rambla de Sant Sebasti\u00e0 96, baixos, Santa Coloma [&hellip;]<\/p>\n","protected":false},"author":4,"featured_media":0,"parent":0,"menu_order":0,"comment_status":"closed","ping_status":"closed","template":"","meta":{"_seopress_robots_primary_cat":"","_seopress_titles_title":"","_seopress_titles_desc":"Contacta amb Pellicer: som aqu\u00ed per ajudar-te amb assessoria empresarial, jur\u00eddica, laboral, fiscal i comptable. Escriu-nos!","_seopress_robots_index":"","footnotes":""},"class_list":["post-911","page","type-page","status-publish","hentry"],"_links":{"self":[{"href":"https:\/\/asesoriapellicer.es\/ca\/wp-json\/wp\/v2\/pages\/911","targetHints":{"allow":["GET"]}}],"collection":[{"href":"https:\/\/asesoriapellicer.es\/ca\/wp-json\/wp\/v2\/pages"}],"about":[{"href":"https:\/\/asesoriapellicer.es\/ca\/wp-json\/wp\/v2\/types\/page"}],"author":[{"embeddable":true,"href":"https:\/\/asesoriapellicer.es\/ca\/wp-json\/wp\/v2\/users\/4"}],"replies":[{"embeddable":true,"href":"https:\/\/asesoriapellicer.es\/ca\/wp-json\/wp\/v2\/comments?post=911"}],"version-history":[{"count":2,"href":"https:\/\/asesoriapellicer.es\/ca\/wp-json\/wp\/v2\/pages\/911\/revisions"}],"predecessor-version":[{"id":1044,"href":"https:\/\/asesoriapellicer.es\/ca\/wp-json\/wp\/v2\/pages\/911\/revisions\/1044"}],"wp:attachment":[{"href":"https:\/\/asesoriapellicer.es\/ca\/wp-json\/wp\/v2\/media?parent=911"}],"curies":[{"name":"wp","href":"https:\/\/api.w.org\/{rel}","templated":true}]}}